{"id":2,"date":"2021-08-17T13:04:49","date_gmt":"2021-08-17T10:04:49","guid":{"rendered":"http:\/\/aslibasgoz.teknosms.net\/?page_id=2"},"modified":"2021-09-29T14:11:38","modified_gmt":"2021-09-29T11:11:38","slug":"asli-basgoz","status":"publish","type":"page","link":"https:\/\/aslibasgoz.com\/tr\/asli-basgoz\/","title":{"rendered":"Asl\u0131 Ba\u015fg\u00f6z"},"content":{"rendered":"<section class=\"l-section wpb_row height_auto\"><div class=\"l-section-h i-cf\"><div class=\"g-cols vc_row type_default valign_top reversed\"><div class=\"vc_col-sm-6 wpb_column vc_column_container\"><div class=\"vc_column-inner\"><div class=\"wpb_wrapper\"><div class=\"wpb_text_column\" ><div class=\"wpb_wrapper\"><p><strong>1957 &#8211; 2020<\/strong><\/p>\n<p>Asl\u0131 Ba\u015fg\u00f6z, lisans e\u011fitimini Indiana \u00dcniversitesi Ekonomi ve Siyaset Bilimi B\u00f6l\u00fcm\u00fc\u2019nde tamamlad\u0131ktan sonra hukuk derecesini Michigan \u00dcniversitesi Hukuk Fak\u00fcltesi\u2019nden ald\u0131.<\/p>\n<p>New York Barosu \u00fcyesi olan Asl\u0131, 1985 y\u0131l\u0131nda White &amp; Case LLP&#8217;nin \u0130stanbul ofisini kurdu. White &amp; Case LLP\u2019nin 100 y\u0131l\u0131 a\u015fan ge\u00e7mi\u015findeki ilk kad\u0131n Global \u0130cra Komitesi \u00fcyesi olarak 2007-2011 y\u0131llar\u0131 aras\u0131nda g\u00f6rev ald\u0131.<\/p>\n<p>35 y\u0131l\u0131 a\u015fk\u0131n deneyimiyle yo\u011fun olarak \u00f6zelle\u015ftirme, birle\u015fme ve devralma i\u015flemlerinde \u00e7al\u0131\u015ft\u0131, \u00f6zellikle enerji, altyap\u0131, sa\u011fl\u0131k, perakende, bankac\u0131l\u0131k, finans ve sigorta sekt\u00f6rlerinde \u00e7ok say\u0131da yerli ve yabanc\u0131 \u015firketin birle\u015fme ve devralma i\u015flemlerinde yer ald\u0131 ve T\u00fcrkiye tarihinin ilklerinden olan bir\u00e7ok b\u00fcy\u00fck \u00e7apl\u0131 projeyi y\u00f6netti. Ayr\u0131ca, proje finansman\u0131, uluslararas\u0131 halka arz ve di\u011fer finansman i\u015flemlerinde de bulundu.<\/p>\n<p>Fortune Magazine taraf\u0131ndan \u201cT\u00fcrkiye\u2019deki En G\u00fc\u00e7l\u00fc 50 Kad\u0131n Lider\u201dden biri olarak se\u00e7ilen Asl\u0131, AG Anadolu Grubu Holding A.\u015e. Ba\u011f\u0131ms\u0131z Y\u00f6netim Kurulu \u00dcyesi, YASED Y\u00f6netim Kurulu \u00dcyesi, T\u00dcS\u0130AD \u00dcyesi, Global \u0130li\u015fkiler Forumu Kurucu \u00dcyesi, FODER ve WCD (Women Corporate Directors) \u00dcyesi ve IPFA (Uluslararas\u0131 Proje Finansman\u0131 Derne\u011fi) T\u00fcrkiye Ba\u015fkan\u0131yd\u0131.<\/p>\n<p><span lang=\"EN-US\">Umutluydu, umutluyduk; ama T\u00fcrkiye\u2019de i\u015f d\u00fcnyas\u0131nda ilklere imza atan ve t\u00fcm kesimlerin sayg\u0131yla and\u0131\u011f\u0131 Asl\u0131 \u00e7ok erken bir zamanda 1 Ekim 2020 g\u00fcn\u00fc aram\u0131zdan ayr\u0131ld\u0131. Kendisinin ebedi istirahatgah\u0131 Boston\u2019daki Mount Auburn Mezarl\u0131\u011f\u0131\u2019ndad\u0131r. <\/span><a href=\"https:\/\/mountauburn.org\/\" target=\"_blank\" rel=\"noopener noreferrer\" data-auth=\"NotApplicable\" data-linkindex=\"3\"><span lang=\"EN-US\">https:\/\/mountauburn.org<\/span><\/a><\/p>\n<\/div><\/div><\/div><\/div><\/div><div class=\"vc_col-sm-6 wpb_column vc_column_container\"><div class=\"vc_column-inner type_sticky\"><div class=\"wpb_wrapper\"><div class=\"w-image align_none\"><div class=\"w-image-h\"><img width=\"683\" height=\"1024\" src=\"https:\/\/aslibasgoz.com\/wp-content\/uploads\/2021\/09\/asli-basgoz-fotografi.jpg\" class=\"attachment-large size-large\" alt=\"\" decoding=\"async\" loading=\"lazy\" srcset=\"https:\/\/aslibasgoz.com\/wp-content\/uploads\/2021\/09\/asli-basgoz-fotografi.jpg 683w, https:\/\/aslibasgoz.com\/wp-content\/uploads\/2021\/09\/asli-basgoz-fotografi-200x300.jpg 200w\" sizes=\"(max-width: 683px) 100vw, 683px\" \/><\/div><\/div><\/div><\/div><\/div><\/div><\/div><\/section>\n","protected":false},"excerpt":{"rendered":"1957 &#8211; 2020 Asl\u0131 Ba\u015fg\u00f6z, lisans e\u011fitimini Indiana \u00dcniversitesi Ekonomi ve Siyaset Bilimi B\u00f6l\u00fcm\u00fc\u2019nde tamamlad\u0131ktan sonra hukuk derecesini Michigan \u00dcniversitesi Hukuk Fak\u00fcltesi\u2019nden ald\u0131. New York Barosu \u00fcyesi olan Asl\u0131, 1985 y\u0131l\u0131nda White &amp; Case LLP&#8217;nin \u0130stanbul ofisini kurdu. White &amp; Case LLP\u2019nin 100 y\u0131l\u0131 a\u015fan ge\u00e7mi\u015findeki ilk kad\u0131n Global \u0130cra Komitesi \u00fcyesi olarak 2007-2011 y\u0131llar\u0131...","protected":false},"author":1,"featured_media":0,"parent":0,"menu_order":0,"comment_status":"closed","ping_status":"closed","template":"","meta":[],"_links":{"self":[{"href":"https:\/\/aslibasgoz.com\/tr\/wp-json\/wp\/v2\/pages\/2"}],"collection":[{"href":"https:\/\/aslibasgoz.com\/tr\/wp-json\/wp\/v2\/pages"}],"about":[{"href":"https:\/\/aslibasgoz.com\/tr\/wp-json\/wp\/v2\/types\/page"}],"author":[{"embeddable":true,"href":"https:\/\/aslibasgoz.com\/tr\/wp-json\/wp\/v2\/users\/1"}],"replies":[{"embeddable":true,"href":"https:\/\/aslibasgoz.com\/tr\/wp-json\/wp\/v2\/comments?post=2"}],"version-history":[{"count":13,"href":"https:\/\/aslibasgoz.com\/tr\/wp-json\/wp\/v2\/pages\/2\/revisions"}],"predecessor-version":[{"id":323,"href":"https:\/\/aslibasgoz.com\/tr\/wp-json\/wp\/v2\/pages\/2\/revisions\/323"}],"wp:attachment":[{"href":"https:\/\/aslibasgoz.com\/tr\/wp-json\/wp\/v2\/media?parent=2"}],"curies":[{"name":"wp","href":"https:\/\/api.w.org\/{rel}","templated":true}]}}